{"id":72,"date":"2021-06-19T12:44:13","date_gmt":"2021-06-19T12:44:13","guid":{"rendered":"https:\/\/sachikofullita.com\/?page_id=72"},"modified":"2025-11-18T19:14:36","modified_gmt":"2025-11-18T19:14:36","slug":"biografia","status":"publish","type":"page","link":"https:\/\/sachikofullita.com\/?page_id=72","title":{"rendered":"Biograf\u00eda"},"content":{"rendered":"<p>[et_pb_section fb_built=\u00bb1&#8243; admin_label=\u00bbHero\u00bb _builder_version=\u00bb4.16&#8243; background_image=\u00bbhttps:\/\/sachikofullita.com\/wp-content\/uploads\/2021\/07\/konic_beepS1_AAlcaniz.jpg\u00bb parallax=\u00bbon\u00bb width=\u00bb100%\u00bb custom_padding=\u00bb110px|||\u00bb global_colors_info=\u00bb{}\u00bb][et_pb_row column_structure=\u00bb1_2,1_2&#8243; _builder_version=\u00bb4.16&#8243; _module_preset=\u00bbdefault\u00bb global_colors_info=\u00bb{}\u00bb][et_pb_column type=\u00bb1_2&#8243; _builder_version=\u00bb4.16&#8243; _module_preset=\u00bbdefault\u00bb global_colors_info=\u00bb{}\u00bb][et_pb_text admin_label=\u00bbHero Title\u00bb _builder_version=\u00bb4.16&#8243; text_font=\u00bb||||\u00bb text_text_color=\u00bb#1a1a1a\u00bb header_font=\u00bb|700||on|||||\u00bb header_text_align=\u00bbleft\u00bb header_font_size=\u00bb43px\u00bb header_line_height=\u00bb1.3em\u00bb background_layout=\u00bbdark\u00bb max_width=\u00bb450px\u00bb custom_margin=\u00bb|||\u00bb custom_padding=\u00bb|||\u00bb animation_style=\u00bbslide\u00bb animation_direction=\u00bbtop\u00bb animation_intensity_slide=\u00bb10%\u00bb locked=\u00bboff\u00bb global_colors_info=\u00bb{}\u00bb]<\/p>\n<h1>Biograf\u00eda<\/h1>\n<p>[\/et_pb_text][et_pb_divider color=\u00bb#ed4441&#8243; divider_position=\u00bbcenter\u00bb divider_weight=\u00bb3px\u00bb disabled_on=\u00bbon|on|off%22&#8243; _builder_version=\u00bb4.16&#8243; max_width=\u00bb150px\u00bb height=\u00bbfalse\u00bb custom_margin=\u00bb30px|||\u00bb animation_style=\u00bbslide\u00bb animation_direction=\u00bbtop\u00bb animation_delay=\u00bb100ms\u00bb animation_intensity_slide=\u00bb10%\u00bb locked=\u00bboff\u00bb global_colors_info=\u00bb{}\u00bb][\/et_pb_divider][et_pb_text admin_label=\u00bbHero Sub Title\u00bb _builder_version=\u00bb4.16&#8243; text_font=\u00bbRoboto||||\u00bb text_font_size=\u00bb24px\u00bb text_line_height=\u00bb1.4em\u00bb background_size=\u00bbinitial\u00bb background_position=\u00bbtop_left\u00bb background_repeat=\u00bbrepeat\u00bb background_layout=\u00bbdark\u00bb max_width=\u00bb450px\u00bb custom_padding=\u00bb10px|||||\u00bb animation_style=\u00bbslide\u00bb animation_direction=\u00bbtop\u00bb animation_delay=\u00bb200ms\u00bb animation_intensity_slide=\u00bb10%\u00bb locked=\u00bboff\u00bb global_colors_info=\u00bb{}\u00bb]<\/p>\n<p>Sachiko Fullita<\/p>\n<p>[\/et_pb_text][et_pb_text admin_label=\u00bbHero Sub Title\u00bb _builder_version=\u00bb4.16&#8243; text_font=\u00bbRoboto||||\u00bb text_font_size=\u00bb24px\u00bb text_line_height=\u00bb1.4em\u00bb background_size=\u00bbinitial\u00bb background_position=\u00bbtop_left\u00bb background_repeat=\u00bbrepeat\u00bb background_layout=\u00bbdark\u00bb max_width=\u00bb450px\u00bb custom_padding=\u00bb30px|||\u00bb animation_style=\u00bbslide\u00bb animation_direction=\u00bbtop\u00bb animation_delay=\u00bb200ms\u00bb animation_intensity_slide=\u00bb10%\u00bb locked=\u00bboff\u00bb global_colors_info=\u00bb{}\u00bb][\/et_pb_text][\/et_pb_column][et_pb_column type=\u00bb1_2&#8243; _builder_version=\u00bb4.16&#8243; _module_preset=\u00bbdefault\u00bb global_colors_info=\u00bb{}\u00bb][\/et_pb_column][\/et_pb_row][\/et_pb_section][et_pb_section fb_built=\u00bb1&#8243; _builder_version=\u00bb4.16&#8243; custom_padding=\u00bb110px||110px|\u00bb global_colors_info=\u00bb{}\u00bb][et_pb_row column_structure=\u00bb1_2,1_2&#8243; _builder_version=\u00bb4.16&#8243; global_colors_info=\u00bb{}\u00bb][et_pb_column type=\u00bb1_2&#8243; _builder_version=\u00bb4.16&#8243; custom_padding=\u00bb|||\u00bb global_colors_info=\u00bb{}\u00bb custom_padding__hover=\u00bb|||\u00bb][et_pb_text admin_label=\u00bbTitle\u00bb _builder_version=\u00bb4.16&#8243; text_font=\u00bb||||\u00bb text_text_color=\u00bb#1a1a1a\u00bb header_font=\u00bbOswald|on||on|\u00bb header_text_align=\u00bbleft\u00bb header_font_size=\u00bb60px\u00bb header_line_height=\u00bb1.3em\u00bb max_width=\u00bb450px\u00bb custom_margin=\u00bb|||\u00bb custom_padding=\u00bb|||\u00bb animation_style=\u00bbslide\u00bb animation_direction=\u00bbtop\u00bb animation_intensity_slide=\u00bb10%\u00bb locked=\u00bboff\u00bb global_colors_info=\u00bb{}\u00bb]<\/p>\n<h1>Sachiko Fullita<\/h1>\n<p>[\/et_pb_text][et_pb_divider color=\u00bb#ed4441&#8243; divider_position=\u00bbcenter\u00bb divider_weight=\u00bb3px\u00bb disabled_on=\u00bbon|on|off%22&#8243; _builder_version=\u00bb4.16&#8243; max_width=\u00bb150px\u00bb height=\u00bbfalse\u00bb custom_margin=\u00bb30px|||\u00bb animation_style=\u00bbslide\u00bb animation_direction=\u00bbtop\u00bb animation_delay=\u00bb100ms\u00bb animation_intensity_slide=\u00bb10%\u00bb locked=\u00bboff\u00bb global_colors_info=\u00bb{}\u00bb][\/et_pb_divider][et_pb_text admin_label=\u00bbSub Title\u00bb _builder_version=\u00bb4.27.4&#8243; text_font=\u00bbRoboto||||\u00bb text_text_color=\u00bb#1a1a1a\u00bb text_font_size=\u00bb24px\u00bb text_line_height=\u00bb1.4em\u00bb background_size=\u00bbinitial\u00bb background_position=\u00bbtop_left\u00bb background_repeat=\u00bbrepeat\u00bb max_width=\u00bb450px\u00bb min_height=\u00bb130px\u00bb custom_margin=\u00bb-30px|||||\u00bb custom_padding=\u00bb0px|||||\u00bb animation_style=\u00bbslide\u00bb animation_direction=\u00bbtop\u00bb animation_delay=\u00bb200ms\u00bb animation_intensity_slide=\u00bb10%\u00bb locked=\u00bboff\u00bb global_colors_info=\u00bb{}\u00bb]<\/p>\n<p>&nbsp;<\/p>\n<p>Tengo la fortuna de ser a<span>rtista del movimiento, creadora y pedagoga<\/span><\/p>\n<p>[\/et_pb_text][et_pb_text _builder_version=\u00bb4.27.4&#8243; text_font=\u00bbRoboto||||\u00bb text_font_size=\u00bb16px\u00bb text_line_height=\u00bb1.9em\u00bb background_size=\u00bbinitial\u00bb background_position=\u00bbtop_left\u00bb background_repeat=\u00bbrepeat\u00bb max_width=\u00bb450px\u00bb custom_margin=\u00bb8px|||||\u00bb custom_padding=\u00bb||4px|||\u00bb animation_style=\u00bbslide\u00bb animation_direction=\u00bbtop\u00bb animation_delay=\u00bb400ms\u00bb animation_intensity_slide=\u00bb4%\u00bb locked=\u00bboff\u00bb global_colors_info=\u00bb{}\u00bb]<\/p>\n<p class=\"my-2 [&amp;+p]:mt-4 [&amp;_strong:has(+br)]:inline-block [&amp;_strong:has(+br)]:pb-2\">Desde ni\u00f1a sent\u00ed fascinaci\u00f3n por el movimiento y la expresi\u00f3n art\u00edstica. Mi trayectoria empez\u00f3 en Lima, donde estudi\u00e9 Artes Esc\u00e9nicas en la Pontificia Universidad Cat\u00f3lica del Per\u00fa y trabaj\u00e9 con reconocidos core\u00f3grafos y directores multidisciplinares como Miguel Rubio, Mirella Carbone y Pachi Valle Riestra. Estas experiencias me marcaron profundamente y despertaron mi pasi\u00f3n tanto por la creaci\u00f3n esc\u00e9nica como por la docencia.<\/p>\n<p class=\"my-2 [&amp;+p]:mt-4 [&amp;_strong:has(+br)]:inline-block [&amp;_strong:has(+br)]:pb-2\">He creado y participado en proyectos de danza teatro, performance e instalaci\u00f3n, colaborando con diferentes compa\u00f1\u00edas y de modo independiente, presentando mi trabajo en Europa, Asia y Sudam\u00e9rica. Siempre me ha guiado el deseo de explorar el poder transformador y sanador del arte.<\/p>\n<p class=\"my-2 [&amp;+p]:mt-4 [&amp;_strong:has(+br)]:inline-block [&amp;_strong:has(+br)]:pb-2\">Mi b\u00fasqueda me llev\u00f3 a formarme como arteterapeuta en Barcelona y, desde entonces, he volcado mi experiencia en compartir pr\u00e1cticas de movimiento consciente y creativo: imparto clases y talleres de PYM (Pilates, Yoga y Movimiento), Biomec\u00e1nica Danzada y Po\u00e9tica Corporal, Danza Contempor\u00e1nea, Sanar Danzando y algunos talleres especiales para acompa\u00f1ar procesos creativos integrando lo corporal, lo expresivo y lo vital.<\/p>\n<p class=\"my-2 [&amp;+p]:mt-4 [&amp;_strong:has(+br)]:inline-block [&amp;_strong:has(+br)]:pb-2\">[\/et_pb_text][\/et_pb_column][et_pb_column type=\u00bb1_2&#8243; _builder_version=\u00bb4.16&#8243; custom_padding=\u00bb|||\u00bb global_colors_info=\u00bb{}\u00bb custom_padding__hover=\u00bb|||\u00bb][et_pb_image src=\u00bbhttps:\/\/sachikofullita.com\/wp-content\/uploads\/2021\/06\/Sachiko-Bio-es.jpg\u00bb title_text=\u00bbSachiko\u00bb force_fullwidth=\u00bbon\u00bb align_tablet=\u00bbcenter\u00bb align_phone=\u00bb\u00bb align_last_edited=\u00bbon|desktop\u00bb _builder_version=\u00bb4.16&#8243; custom_margin=\u00bb|||\u00bb animation_style=\u00bbslide\u00bb animation_direction=\u00bb%22fade_in%22&#8243; animation_duration=\u00bb500ms\u00bb animation_intensity_slide=\u00bb10%\u00bb animation=\u00bbfade_in\u00bb global_colors_info=\u00bb{}\u00bb][\/et_pb_image][et_pb_text _builder_version=\u00bb4.27.4&#8243; _module_preset=\u00bbdefault\u00bb global_colors_info=\u00bb{}\u00bb]<\/p>\n<p><span>Desde 2007 practico y, desde 2016, transmito la Danza del Vajra, aut\u00e9ntica pr\u00e1ctica de contemplaci\u00f3n en movimiento perteneciente a la ense\u00f1anza Dzogchen de mi maestro Ch\u00f6gyal Namkhai Norbu.<\/span><br \/><span>Hoy contin\u00fao explorando el cuerpo y el movimiento como caminos para el desarrollo humano, el autoconocimiento profundo y la celebraci\u00f3n de la vida.<\/span><\/p>\n<p>[\/et_pb_text][\/et_pb_column][\/et_pb_row][et_pb_row _builder_version=\u00bb4.16&#8243; _module_preset=\u00bbdefault\u00bb custom_padding=\u00bb9px|||||\u00bb global_colors_info=\u00bb{}\u00bb][et_pb_column type=\u00bb4_4&#8243; _builder_version=\u00bb4.16&#8243; _module_preset=\u00bbdefault\u00bb global_colors_info=\u00bb{}\u00bb][et_pb_text _builder_version=\u00bb4.27.4&#8243; _module_preset=\u00bbdefault\u00bb global_colors_info=\u00bb{}\u00bb][\/et_pb_text][\/et_pb_column][\/et_pb_row][\/et_pb_section]<\/p>\n","protected":false},"excerpt":{"rendered":"<p>Biograf\u00edaSachiko FullitaSachiko Fullita&nbsp; Tengo la fortuna de ser artista del movimiento, creadora y pedagogaDesde ni\u00f1a sent\u00ed fascinaci\u00f3n por el movimiento y la expresi\u00f3n art\u00edstica. Mi trayectoria empez\u00f3 en Lima, donde estudi\u00e9 Artes Esc\u00e9nicas en la Pontificia Universidad Cat\u00f3lica del Per\u00fa y trabaj\u00e9 con reconocidos core\u00f3grafos y directores multidisciplinares como Miguel Rubio, Mirella Carbone y Pachi [&hellip;]<\/p>\n","protected":false},"author":1,"featured_media":0,"parent":0,"menu_order":0,"comment_status":"closed","ping_status":"closed","template":"","meta":{"_et_pb_use_builder":"on","_et_pb_old_content":"","_et_gb_content_width":"","footnotes":""},"class_list":["post-72","page","type-page","status-publish","hentry"],"jetpack_sharing_enabled":true,"_links":{"self":[{"href":"https:\/\/sachikofullita.com\/index.php?rest_route=\/wp\/v2\/pages\/72","targetHints":{"allow":["GET"]}}],"collection":[{"href":"https:\/\/sachikofullita.com\/index.php?rest_route=\/wp\/v2\/pages"}],"about":[{"href":"https:\/\/sachikofullita.com\/index.php?rest_route=\/wp\/v2\/types\/page"}],"author":[{"embeddable":true,"href":"https:\/\/sachikofullita.com\/index.php?rest_route=\/wp\/v2\/users\/1"}],"replies":[{"embeddable":true,"href":"https:\/\/sachikofullita.com\/index.php?rest_route=%2Fwp%2Fv2%2Fcomments&post=72"}],"version-history":[{"count":12,"href":"https:\/\/sachikofullita.com\/index.php?rest_route=\/wp\/v2\/pages\/72\/revisions"}],"predecessor-version":[{"id":1157,"href":"https:\/\/sachikofullita.com\/index.php?rest_route=\/wp\/v2\/pages\/72\/revisions\/1157"}],"wp:attachment":[{"href":"https:\/\/sachikofullita.com\/index.php?rest_route=%2Fwp%2Fv2%2Fmedia&parent=72"}],"curies":[{"name":"wp","href":"https:\/\/api.w.org\/{rel}","templated":true}]}}